{"id":7,"date":"2021-02-08T20:21:02","date_gmt":"2021-02-08T20:21:02","guid":{"rendered":"https:\/\/www.iris-gothe.de\/?page_id=7"},"modified":"2025-01-11T10:16:21","modified_gmt":"2025-01-11T10:16:21","slug":"beratung","status":"publish","type":"page","link":"https:\/\/www.iris-gothe.de\/","title":{"rendered":"Herzlich willkommen"},"content":{"rendered":"\n<p>in meiner Privatpraxis f\u00fcr Kinder- und Jugendlichenpsychotherapie in Mannheim!<\/p>\n\n\n\n<p>Mein Name ist Iris Gothe. Ich bin approbierte Kinder- und Jugendlichenpsychotherapeutin.<\/p>\n\n\n\n<p>Mein Angebot:<\/p>\n\n\n\n<ul class=\"wp-block-list\"><li><a href=\"https:\/\/www.iris-gothe.de\/index.php\/diagnostik\/\" data-type=\"page\" data-id=\"472\">Diagnostik<\/a> und <a href=\"https:\/\/www.iris-gothe.de\/index.php\/psychotherapie-fuer-kinder-und-jugendliche\/\" data-type=\"page\" data-id=\"45\">Verhaltenstherapie<\/a> f\u00fcr Kinder und Jugendliche<\/li><li><a href=\"https:\/\/www.iris-gothe.de\/index.php\/autismus-diagnostik\/\" data-type=\"page\" data-id=\"539\">Autismus-Diagnostik<\/a> (ADOS-2; ADI-R)<\/li><li><a href=\"https:\/\/www.iris-gothe.de\/index.php\/iris-gothe\/\" data-type=\"page\" data-id=\"26\">S\u00e4uglings-Kleinkind-Therapie<\/a> bei sogenannten Regulationsst\u00f6rungen oder Anpassungsst\u00f6rungen<\/li><\/ul>\n\n\n\n<p>Bei Fragen zu Diagnostik und Therapiem\u00f6glichkeiten nehmen Sie unverbindlich <a href=\"https:\/\/www.iris-gothe.de\/index.php\/kontakt\/\">Kontakt<\/a> zu mir auf.<\/p>\n\n\n\n<figure class=\"wp-block-image size-large is-resized\"><img loading=\"lazy\" decoding=\"async\" src=\"https:\/\/www.iris-gothe.de\/wp-content\/uploads\/2022\/05\/pexels-olof-nyman-988622-683x1024.jpg\" alt=\"\" class=\"wp-image-165\" width=\"420\" height=\"629\"\/><\/figure>\n","protected":false},"excerpt":{"rendered":"<p>in meiner Privatpraxis f\u00fcr Kinder- und Jugendlichenpsychotherapie in Mannheim! Mein Name ist Iris Gothe. Ich bin approbierte Kinder- und Jugendlichenpsychotherapeutin. Mein Angebot: Diagnostik und Verhaltenstherapie f\u00fcr Kinder und Jugendliche Autismus-Diagnostik (ADOS-2; ADI-R) S\u00e4uglings-Kleinkind-Therapie bei sogenannten Regulationsst\u00f6rungen oder Anpassungsst\u00f6rungen Bei Fragen zu Diagnostik und Therapiem\u00f6glichkeiten nehmen Sie unverbindlich Kontakt zu mir auf.<\/p>\n","protected":false},"author":1,"featured_media":0,"parent":0,"menu_order":0,"comment_status":"closed","ping_status":"closed","template":"","meta":{"footnotes":""},"class_list":["post-7","page","type-page","status-publish","hentry"],"_links":{"self":[{"href":"https:\/\/www.iris-gothe.de\/index.php\/wp-json\/wp\/v2\/pages\/7","targetHints":{"allow":["GET"]}}],"collection":[{"href":"https:\/\/www.iris-gothe.de\/index.php\/wp-json\/wp\/v2\/pages"}],"about":[{"href":"https:\/\/www.iris-gothe.de\/index.php\/wp-json\/wp\/v2\/types\/page"}],"author":[{"embeddable":true,"href":"https:\/\/www.iris-gothe.de\/index.php\/wp-json\/wp\/v2\/users\/1"}],"replies":[{"embeddable":true,"href":"https:\/\/www.iris-gothe.de\/index.php\/wp-json\/wp\/v2\/comments?post=7"}],"version-history":[{"count":42,"href":"https:\/\/www.iris-gothe.de\/index.php\/wp-json\/wp\/v2\/pages\/7\/revisions"}],"predecessor-version":[{"id":596,"href":"https:\/\/www.iris-gothe.de\/index.php\/wp-json\/wp\/v2\/pages\/7\/revisions\/596"}],"wp:attachment":[{"href":"https:\/\/www.iris-gothe.de\/index.php\/wp-json\/wp\/v2\/media?parent=7"}],"curies":[{"name":"wp","href":"https:\/\/api.w.org\/{rel}","templated":true}]}}